{"id":1117,"date":"2019-12-18T10:46:54","date_gmt":"2019-12-18T09:46:54","guid":{"rendered":"https:\/\/www.carleearagon.es\/european-projects\/"},"modified":"2025-03-20T13:01:56","modified_gmt":"2025-03-20T12:01:56","slug":"european-projects","status":"publish","type":"page","link":"https:\/\/www.carleearagon.es\/en\/about\/european-projects\/","title":{"rendered":"European projects"},"content":{"rendered":"<div class=\"wpb-content-wrapper\"><p>[vc_row css_animation=&#8221;&#8221; row_type=&#8221;row&#8221; use_row_as_full_screen_section=&#8221;no&#8221; type=&#8221;grid&#8221; angled_section=&#8221;no&#8221; text_align=&#8221;left&#8221; background_image_as_pattern=&#8221;without_pattern&#8221; z_index=&#8221;&#8221; background_color=&#8221;#96c4c6&#8243; padding_top=&#8221;80&#8243; padding_bottom=&#8221;50&#8243; background_image=&#8221;188&#8243;][vc_column][vc_column_text]<\/p>\n<h1>Our European projects<\/h1>\n<p>[\/vc_column_text][\/vc_column][\/vc_row][vc_row css_animation=&#8221;&#8221; row_type=&#8221;row&#8221; use_row_as_full_screen_section=&#8221;no&#8221; type=&#8221;grid&#8221; angled_section=&#8221;no&#8221; text_align=&#8221;left&#8221; background_image_as_pattern=&#8221;without_pattern&#8221; padding_top=&#8221;100&#8243; z_index=&#8221;&#8221; padding_bottom=&#8221;35&#8243; css=&#8221;.vc_custom_1568277814324{margin-bottom: 50px !important;}&#8221;][vc_column][vc_column_text]<\/p>\n<h4><strong>The CARLEE is committed to promoting the internationalization of schools. <\/strong><\/h4>\n<p>[\/vc_column_text][vc_empty_space height=&#8221;52px&#8221;][vc_column_text]<\/p>\n<h2 style=\"text-align: left;\"><b>Etwinning<\/b><\/h2>\n<p>[\/vc_column_text][vc_separator type=&#8221;small&#8221; position=&#8221;left&#8221; color=&#8221;#96c4c6&#8243; thickness=&#8221;5&#8243; width=&#8221;50&#8243; up=&#8221;8&#8243; down=&#8221;8&#8243;][vc_empty_space][vc_row_inner row_type=&#8221;row&#8221; type=&#8221;full_width&#8221; text_align=&#8221;left&#8221; css_animation=&#8221;&#8221;][vc_column_inner width=&#8221;1\/4&#8243;][vc_single_image image=&#8221;726&#8243; img_size=&#8221;large&#8221; alignment=&#8221;center&#8221; qode_css_animation=&#8221;&#8221; qode_hover_animation=&#8221;zoom_in&#8221;][\/vc_column_inner][vc_column_inner width=&#8221;3\/4&#8243;][vc_column_text]<a href=\"https:\/\/school-education.ec.europa.eu\/en\/etwinning\" target=\"_blank\" rel=\"noopener noreferrer\" data-saferedirecturl=\"https:\/\/www.google.com\/url?q=https:\/\/school-education.ec.europa.eu\/en\/etwinning&amp;source=gmail&amp;ust=1678959854558000&amp;usg=AOvVaw1BnO_RB4fS2UesDDZLKYBa\"><strong>eTwinning<\/strong><\/a> is a community for schools in Europe. eTwinning provides a platform and tools for teachers and pupils across Europe to collaborate on projects. After registering on the platform, we can search for partners from 140,000 educational centers across Europe, negotiate projects, register them and work online. In this way, our students will be able to use languages \u200b\u200bin real communication contexts, they will use ICT for educational purposes and they will be able to unleash their creativity on a safe and protected platform. <\/p>\n<p>At the CARLEE, we carry out regular training sessions for teachers in Arag\u00f3n to get to know and know how to use this platform, as well as advising schools that request help via our eTwinning ambassadors. The possibility of creating g professional networks between schools at a regional, national and European level are one of our main lines of priority and allows us to communicate, collaborate and innovate. An example of the CARLEE&#8217;s work in this field is the management of<a href=\"https:\/\/school-education.ec.europa.eu\/es\/etwinning\/projects\/le-tour-des-sciences-30\" target=\"_blank\" rel=\"noopener\" data-saferedirecturl=\"https:\/\/www.google.com\/url?q=https:\/\/school-education.ec.europa.eu\/es\/etwinning\/projects\/le-tour-des-sciences-30&amp;source=gmail&amp;ust=1678961187472000&amp;usg=AOvVaw1Yw3k6b6JGIxcZTtz15_JA\"> <span id=\"m_-8780337563674612417gmail-mt-tracked-link_1678874658867\"><\/span> Le Tour des Sciences<\/a> (2028-2012)  <\/p>\n<p>Enlaces de inter\u00e9s:<\/p>\n<ul>\n<li><span style=\"color: #1fada9;\"><a style=\"color: #1fada9;\" href=\"https:\/\/school-education.ec.europa.eu\/es\">Access to the new eTwinning platform<\/a><\/span><\/li>\n<li><span style=\"color: #1fada9;\"><a style=\"color: #1fada9;\" href=\"https:\/\/etwinning.es\/es\/\">National Support Service Website<\/a><\/span><\/li>\n<li><span style=\"color: #1fada9;\"><a style=\"color: #1fada9;\" href=\"https:\/\/etwinning.es\/es\/materiales-de-ayuda\/\">Support materials provided by the National Support Service<\/a><\/span><\/li>\n<li><span style=\"color: #1fada9;\"><a style=\"color: #1fada9;\" href=\"https:\/\/francescarlee.blogspot.com\/2023\/03\/que-es-etwinning.html\">What is eTwinning? <\/a><\/span><\/li>\n<\/ul>\n<p>[\/vc_column_text]<a  itemprop=\"url\" href=\"https:\/\/etwinning.es\/es\/plataforma-europea-de-educacion-escolar-preguntas-mas-frecuentes\/\" target=\"_blank\"  class=\"qbutton  default\" style=\"\">If you need more information<\/a>[vc_empty_space][\/vc_column_inner][\/vc_row_inner][vc_empty_space][\/vc_column][\/vc_row][vc_row css_animation=&#8221;&#8221; row_type=&#8221;row&#8221; use_row_as_full_screen_section=&#8221;no&#8221; type=&#8221;grid&#8221; angled_section=&#8221;no&#8221; text_align=&#8221;left&#8221; background_image_as_pattern=&#8221;without_pattern&#8221; padding_top=&#8221;100&#8243; z_index=&#8221;&#8221; padding_bottom=&#8221;35&#8243; css=&#8221;.vc_custom_1568278318160{margin-bottom: 50px !important;background-color: #efefef !important;}&#8221;][vc_column][vc_column_text]<\/p>\n<h2 style=\"text-align: left;\"><b>Erasmus +<\/b><\/h2>\n<p>[\/vc_column_text][vc_separator type=&#8221;small&#8221; position=&#8221;left&#8221; color=&#8221;#96c4c6&#8243; thickness=&#8221;5&#8243; width=&#8221;50&#8243; up=&#8221;8&#8243; down=&#8221;8&#8243;][vc_empty_space][vc_row_inner row_type=&#8221;row&#8221; type=&#8221;full_width&#8221; text_align=&#8221;left&#8221; css_animation=&#8221;&#8221;][vc_column_inner width=&#8221;1\/4&#8243;][vc_single_image image=&#8221;729&#8243; img_size=&#8221;large&#8221; alignment=&#8221;center&#8221; qode_css_animation=&#8221;&#8221; qode_hover_animation=&#8221;zoom_in&#8221;][\/vc_column_inner][vc_column_inner width=&#8221;3\/4&#8243;][vc_column_text]Erasmus+ is the European Union&#8217;s program whose objective is to promote the educational mobility of individuals and groups, both students and staff, as well as cooperation, quality, inclusion and equity, excellence, creativity, and innovation at the organizational and policy levels through lifelong learning, educational, professional, and personal development of individuals in the fields of education and training within Europe.<br \/>\nIn the area of School education, Erasmus + finances short and long educational mobilities for pupils, as well as mobilities and training for teachers.<br \/>\nIt revolves around three key lines of action (<em>Key action<\/em> or KA).<\/p>\n<ul>\n<li>Key Action1 (KA1)- Learning Mobility of Individuals<\/li>\n<li>Acci\u00f3n clave 2 (KA2)- Cooperaci\u00f3n entre organizaciones e instituciones<\/li>\n<li>Acci\u00f3n clave 3 (KA3)- Respaldo al desarrollo de pol\u00edticas y a la cooperaci\u00f3n<\/li>\n<\/ul>\n<p>At CARLEE, we regularly conduct training sessions to educate teachers in Arag\u00f3n about this program, in addition to providing advice to schools that request it.<br \/>\nWe are also beneficiaries of the KA122 project <a href=\"https:\/\/sites.google.com\/carleearagon.es\/carleesite\/p%C3%A1gina-principal?pli=1\">&#8220;Nos formamos y todos ganamos<\/a>&#8221; (&#8220;<em>We Train and Everyone Gains<\/em>&#8220;) and, since 2023, we have been an <strong>Erasmus+ accredited<\/strong> school.<\/p>\n<p>Enlaces de inter\u00e9s:<\/p>\n<ul>\n<li><span style=\"color: #00ffff;\"> <span style=\"color: #33cccc;\"><a style=\"color: #33cccc;\" href=\"http:\/\/sepie.es\/educacion-escolar\/index.html\">Web site of the Nacional Agency SEPIE<\/a><\/span><\/span><\/li>\n<li><span style=\"color: #33cccc;\"> <a style=\"color: #33cccc;\" href=\"http:\/\/sepie.es\/educacion-escolar\/convocatoria.html#KA120SCH\">Erasmus + programme guide<\/a><\/span><\/li>\n<\/ul>\n<p>[\/vc_column_text][vc_empty_space]<a  itemprop=\"url\" href=\"http:\/\/www.erasmusplus.gob.es\/\" target=\"_blank\"  class=\"qbutton  default\" style=\"\">If you need more information<\/a>[\/vc_column_inner][\/vc_row_inner][vc_empty_space][\/vc_column][\/vc_row][vc_row css_animation=&#8221;&#8221; row_type=&#8221;row&#8221; use_row_as_full_screen_section=&#8221;no&#8221; type=&#8221;grid&#8221; angled_section=&#8221;no&#8221; text_align=&#8221;left&#8221; background_image_as_pattern=&#8221;without_pattern&#8221; padding_top=&#8221;100&#8243; z_index=&#8221;&#8221; padding_bottom=&#8221;35&#8243;][vc_column][vc_empty_space height=&#8221;22px&#8221;][vc_column_text]<\/p>\n<h2 style=\"text-align: left;\"><b>Erasmus Intern<\/b><\/h2>\n<p>[\/vc_column_text][vc_separator type=&#8221;small&#8221; position=&#8221;left&#8221; color=&#8221;#96c4c6&#8243; thickness=&#8221;5&#8243; width=&#8221;50&#8243; up=&#8221;8&#8243; down=&#8221;8&#8243;][vc_empty_space][vc_row_inner row_type=&#8221;row&#8221; type=&#8221;full_width&#8221; text_align=&#8221;left&#8221; css_animation=&#8221;&#8221;][vc_column_inner width=&#8221;1\/4&#8243;][vc_single_image image=&#8221;732&#8243; img_size=&#8221;large&#8221; alignment=&#8221;center&#8221; qode_css_animation=&#8221;&#8221; qode_hover_animation=&#8221;zoom_in&#8221;][\/vc_column_inner][vc_column_inner width=&#8221;3\/4&#8243;][vc_column_text]<a href=\"https:\/\/erasmusintern.org\/\" target=\"_blank\" rel=\"noopener noreferrer\"><b>Erasmus Intern<\/b><\/a><span style=\"font-weight: 400;\"> is a program that gives students in higher education the opportunity to take on an internship in another European country<\/span>. <\/p>\n<p><span style=\"font-weight: 400;\">Since its creation in 2016, the CARLEE has offered work placements to English, French and German-speaking Erasmus interns, offering them a context for mutual learning and collaboration. These are some of the people who have carried out internships at our centre. <\/span>[\/vc_column_text][vc_empty_space][vc_column_text]Learn about some Erasmus Intern success stories:<\/p>\n<ul>\n<li><a href=\"https:\/\/centrolenguasaragon.wordpress.com\/2019\/02\/22\/conoce-a-jennifer-nuestra-erasmus-intern-2019\/\" target=\"_blank\" rel=\"noopener noreferrer\">Meet Jennifer Our Erasmus Intern<\/a><\/li>\n<li><a href=\"https:\/\/centrolenguasaragon.wordpress.com\/2017\/10\/30\/scottish-girl-does-spain\/\" target=\"_blank\" rel=\"noopener noreferrer\">Scottish Girl does Spain<\/a><\/li>\n<li><a href=\"https:\/\/centrolenguasaragon.wordpress.com\/2017\/09\/29\/entrevista-con-nuestra-erasmus-intern-alyson-interview-with-our-erasmus-intern-alyson\/\" target=\"_blank\" rel=\"noopener noreferrer\">Interview with our Erasmus Intern Alyson<\/a><\/li>\n<li><a href=\"https:\/\/centrolenguasaragon.wordpress.com\/2017\/05\/22\/deutschkurs-am-carlee\/\" target=\"_blank\" rel=\"noopener noreferrer\">Deutschkurs am Carlee<\/a><\/li>\n<li><a href=\"https:\/\/centrolenguasaragon.wordpress.com\/2017\/01\/13\/interview-with-melissa-danvers-our-erasmus-intern\/\" target=\"_blank\" rel=\"noopener noreferrer\">Interview with Melissa Danvers our Erasmus Intern<\/a><\/li>\n<\/ul>\n<p>[\/vc_column_text]<a  itemprop=\"url\" href=\"https:\/\/erasmusintern.org\/\" target=\"_blank\"  class=\"qbutton  default\" style=\"\">If you need more information<\/a>[\/vc_column_inner][\/vc_row_inner][vc_empty_space height=&#8221;100px&#8221;][\/vc_column][\/vc_row][vc_row css_animation=&#8221;&#8221; row_type=&#8221;row&#8221; use_row_as_full_screen_section=&#8221;no&#8221; type=&#8221;grid&#8221; angled_section=&#8221;no&#8221; text_align=&#8221;left&#8221; background_image_as_pattern=&#8221;without_pattern&#8221; padding_top=&#8221;100&#8243; z_index=&#8221;&#8221; padding_bottom=&#8221;35&#8243; css=&#8221;.vc_custom_1568278318160{margin-bottom: 50px !important;background-color: #efefef !important;}&#8221;][vc_column][vc_column_text]<\/p>\n<h2 style=\"text-align: left;\"><b>ADIBE<\/b><\/h2>\n<p>[\/vc_column_text][vc_separator type=&#8221;small&#8221; position=&#8221;left&#8221; color=&#8221;#96c4c6&#8243; thickness=&#8221;5&#8243; width=&#8221;50&#8243; up=&#8221;8&#8243; down=&#8221;8&#8243;][vc_empty_space][vc_row_inner row_type=&#8221;row&#8221; type=&#8221;full_width&#8221; text_align=&#8221;left&#8221; css_animation=&#8221;&#8221;][vc_column_inner width=&#8221;1\/4&#8243;][vc_single_image image=&#8221;852&#8243; img_size=&#8221;large&#8221; alignment=&#8221;center&#8221; qode_css_animation=&#8221;&#8221; qode_hover_animation=&#8221;zoom_in&#8221;][\/vc_column_inner][vc_column_inner width=&#8221;3\/4&#8243;][vc_column_text]We are a partner centre of the European ADIBE project coordinated by the University of Ja\u00e9n and involving centres in Austria, Finland, Germany, Italy and the United Kingdom, as well as European experts in CLIL.<\/p>\n<p>This project investigates educational inclusion in bilingual programs that apply a CLIL approach.[\/vc_column_text][vc_empty_space]<a  itemprop=\"url\" href=\"https:\/\/adibeproject.com\/\" target=\"_blank\"  class=\"qbutton  default\" style=\"\">If you need more information<\/a>[\/vc_column_inner][\/vc_row_inner][vc_empty_space height=&#8221;82px&#8221;][\/vc_column][\/vc_row][vc_row css_animation=&#8221;&#8221; row_type=&#8221;row&#8221; use_row_as_full_screen_section=&#8221;no&#8221; type=&#8221;grid&#8221; angled_section=&#8221;no&#8221; text_align=&#8221;left&#8221; background_image_as_pattern=&#8221;without_pattern&#8221; padding_top=&#8221;100&#8243; z_index=&#8221;&#8221; padding_bottom=&#8221;35&#8243; css=&#8221;.vc_custom_1568278318160{margin-bottom: 50px !important;background-color: #efefef !important;}&#8221;][vc_column][vc_column_text]<\/p>\n<h2 style=\"text-align: left;\"><b>CLILedu<\/b><\/h2>\n<p>[\/vc_column_text][vc_separator type=&#8221;small&#8221; position=&#8221;left&#8221; color=&#8221;#96c4c6&#8243; thickness=&#8221;5&#8243; width=&#8221;50&#8243; up=&#8221;8&#8243; down=&#8221;8&#8243;][vc_empty_space][vc_row_inner row_type=&#8221;row&#8221; type=&#8221;full_width&#8221; text_align=&#8221;left&#8221; css_animation=&#8221;&#8221;][vc_column_inner width=&#8221;1\/4&#8243;][vc_single_image image=&#8221;5875&#8243; img_size=&#8221;large&#8221; alignment=&#8221;center&#8221; qode_css_animation=&#8221;&#8221; qode_hover_animation=&#8221;zoom_in&#8221;][\/vc_column_inner][vc_column_inner width=&#8221;3\/4&#8243;][vc_column_text]The CARLEE is a training centre for European teachers in bilingual education and the CLIL approach, resulting from an agreement between the Department of Education, Culture and Sport and CLILedu, a Finland-based institution that trains teachers within the Erasmus+ program.<\/p>\n<p>These courses, taught by international experts such as Peeter Mehisto, include visits to bilingual centers in Aragon so they can share their experiences and best practices, as well as establish alliances with other European centers.[\/vc_column_text][vc_empty_space]<a  itemprop=\"url\" href=\"https:\/\/www.cliledu.fi\/\" target=\"_blank\"  class=\"qbutton  default\" style=\"\">If you need more information<\/a>[\/vc_column_inner][\/vc_row_inner][vc_empty_space height=&#8221;82px&#8221;][\/vc_column][\/vc_row][vc_row css_animation=&#8221;&#8221; row_type=&#8221;row&#8221; use_row_as_full_screen_section=&#8221;no&#8221; type=&#8221;full_width&#8221; angled_section=&#8221;no&#8221; text_align=&#8221;left&#8221; background_image_as_pattern=&#8221;without_pattern&#8221; z_index=&#8221;&#8221; el_class=&#8221;qode-row-with-bg&#8221; background_color=&#8221;#96c4c6&#8243;][vc_column][vc_row_inner row_type=&#8221;row&#8221; type=&#8221;grid&#8221; text_align=&#8221;center&#8221; row_negative_margin=&#8221;disable_negative_margin&#8221; css_animation=&#8221;&#8221;][vc_column_inner css=&#8221;.vc_custom_1562747631792{margin-top: -90px !important;background-color: #25395b !important;}&#8221;][qode_elements_holder background_color=&#8221;#25395b&#8221; number_of_columns=&#8221;one_column&#8221;][qode_elements_holder_item vertical_alignment=&#8221;middle&#8221; horizontal_alignment=&#8221;center&#8221; advanced_animations=&#8221;no&#8221; item_padding=&#8221;0px 30px 0px 30px&#8221; custom_class=&#8221;qode-eh-with-contact&#8221;][vc_column_text]<\/p>\n<h3 class=\"p1\" style=\"text-align: center;\"><span style=\"color: #ffffff;\"><b>You can also write to us via our contact form<\/b><\/span><\/h3>\n<p>[\/vc_column_text][vc_empty_space height=&#8221;22px&#8221;]\n<div class=\"wpcf7 no-js\" id=\"wpcf7-f8-o1\" lang=\"es-ES\" dir=\"ltr\" data-wpcf7-id=\"8\">\n<div class=\"screen-reader-response\"><p role=\"status\" aria-live=\"polite\" aria-atomic=\"true\"><\/p> <ul><\/ul><\/div>\n<form action=\"\/en\/wp-json\/wp\/v2\/pages\/1117#wpcf7-f8-o1\" method=\"post\" class=\"wpcf7-form init default\" aria-label=\"Formulario de contacto\" novalidate=\"novalidate\" data-status=\"init\">\n<fieldset class=\"hidden-fields-container\"><input type=\"hidden\" name=\"_wpcf7\" value=\"8\" \/><input type=\"hidden\" name=\"_wpcf7_version\" value=\"6.1.5\" \/><input type=\"hidden\" name=\"_wpcf7_locale\" value=\"es_ES\" \/><input type=\"hidden\" name=\"_wpcf7_unit_tag\" value=\"wpcf7-f8-o1\" \/><input type=\"hidden\" name=\"_wpcf7_container_post\" value=\"0\" \/><input type=\"hidden\" name=\"_wpcf7_posted_data_hash\" value=\"\" \/><input type=\"hidden\" name=\"_wpcf7_recaptcha_response\" value=\"\" \/>\n<\/fieldset>\n<p><label style=\"color: #fff;\"> Tu nombre (requerido)<br \/>\n<span class=\"wpcf7-form-control-wrap\" data-name=\"your-name\"><input size=\"40\" maxlength=\"400\" class=\"wpcf7-form-control wpcf7-text wpcf7-validates-as-required\" aria-required=\"true\" aria-invalid=\"false\" value=\"\" type=\"text\" name=\"your-name\" \/><\/span> <\/label>\n<\/p>\n<p><label style=\"color: #fff;\"> Tu correo electr\u00f3nico (requerido)<br \/>\n<span class=\"wpcf7-form-control-wrap\" data-name=\"your-email\"><input size=\"40\" maxlength=\"400\" class=\"wpcf7-form-control wpcf7-email wpcf7-validates-as-required wpcf7-text wpcf7-validates-as-email\" aria-required=\"true\" aria-invalid=\"false\" value=\"\" type=\"email\" name=\"your-email\" \/><\/span> <\/label>\n<\/p>\n<p><label style=\"color: #fff;\"> Tu mensaje<br \/>\n<span class=\"wpcf7-form-control-wrap\" data-name=\"your-message\"><textarea cols=\"40\" rows=\"10\" maxlength=\"2000\" class=\"wpcf7-form-control wpcf7-textarea\" aria-invalid=\"false\" name=\"your-message\"><\/textarea><\/span> <\/label>\n<\/p>\n<p><input class=\"wpcf7-form-control wpcf7-submit has-spinner\" type=\"submit\" value=\"Enviar\" \/>\n<\/p><p style=\"display: none !important;\" class=\"akismet-fields-container\" data-prefix=\"_wpcf7_ak_\"><label>&#916;<textarea name=\"_wpcf7_ak_hp_textarea\" cols=\"45\" rows=\"8\" maxlength=\"100\"><\/textarea><\/label><input type=\"hidden\" id=\"ak_js_1\" name=\"_wpcf7_ak_js\" value=\"236\"\/><script>document.getElementById( \"ak_js_1\" ).setAttribute( \"value\", ( new Date() ).getTime() );<\/script><\/p><div class=\"wpcf7-response-output\" aria-hidden=\"true\"><\/div>\n<\/form>\n<\/div>\n[\/qode_elements_holder_item][\/qode_elements_holder][\/vc_column_inner][\/vc_row_inner][\/vc_column][\/vc_row]<\/p>\n<\/div>","protected":false},"excerpt":{"rendered":"<p>[vc_row css_animation=&#8221;&#8221; row_type=&#8221;row&#8221; use_row_as_full_screen_section=&#8221;no&#8221; type=&#8221;grid&#8221; angled_section=&#8221;no&#8221; text_align=&#8221;left&#8221; background_image_as_pattern=&#8221;without_pattern&#8221; z_index=&#8221;&#8221; background_color=&#8221;#96c4c6&#8243; padding_top=&#8221;80&#8243; padding_bottom=&#8221;50&#8243; background_image=&#8221;188&#8243;][vc_column][vc_column_text] Our European projects [\/vc_column_text][\/vc_column][\/vc_row][vc_row css_animation=&#8221;&#8221; row_type=&#8221;row&#8221; use_row_as_full_screen_section=&#8221;no&#8221; type=&#8221;grid&#8221; angled_section=&#8221;no&#8221; text_align=&#8221;left&#8221; background_image_as_pattern=&#8221;without_pattern&#8221; padding_top=&#8221;100&#8243; z_index=&#8221;&#8221; padding_bottom=&#8221;35&#8243; css=&#8221;.vc_custom_1568277814324{margin-bottom: 50px !important;}&#8221;][vc_column][vc_column_text] The CARLEE is committed to promoting the internationalization of schools. [\/vc_column_text][vc_empty_space height=&#8221;52px&#8221;][vc_column_text] Etwinning [\/vc_column_text][vc_separator type=&#8221;small&#8221; position=&#8221;left&#8221; color=&#8221;#96c4c6&#8243; thickness=&#8221;5&#8243; width=&#8221;50&#8243; up=&#8221;8&#8243;&#8230;<\/p>\n","protected":false},"author":1,"featured_media":0,"parent":1146,"menu_order":0,"comment_status":"closed","ping_status":"closed","template":"full_width.php","meta":{"footnotes":""},"class_list":["post-1117","page","type-page","status-publish","hentry"],"yoast_head":"<!-- This site is optimized with the Yoast SEO plugin v27.4 - https:\/\/yoast.com\/product\/yoast-seo-wordpress\/ -->\n<title>CARLEE European Projects - The Aragonese Centre for Foreign Languages for Education<\/title>\n<meta name=\"robots\" content=\"index, follow, max-snippet:-1, max-image-preview:large, max-video-preview:-1\" \/>\n<link rel=\"canonical\" href=\"https:\/\/www.carleearagon.es\/en\/about\/european-projects\/\" \/>\n<meta property=\"og:locale\" content=\"en_US\" \/>\n<meta property=\"og:type\" content=\"article\" \/>\n<meta property=\"og:title\" content=\"CARLEE European Projects - The Aragonese Centre for Foreign Languages for Education\" \/>\n<meta property=\"og:description\" content=\"[vc_row css_animation=&#8221;&#8221; row_type=&#8221;row&#8221; use_row_as_full_screen_section=&#8221;no&#8221; type=&#8221;grid&#8221; angled_section=&#8221;no&#8221; text_align=&#8221;left&#8221; background_image_as_pattern=&#8221;without_pattern&#8221; z_index=&#8221;&#8221; background_color=&#8221;#96c4c6&#8243; padding_top=&#8221;80&#8243; padding_bottom=&#8221;50&#8243; background_image=&#8221;188&#8243;][vc_column][vc_column_text] Our European projects [\/vc_column_text][\/vc_column][\/vc_row][vc_row css_animation=&#8221;&#8221; row_type=&#8221;row&#8221; use_row_as_full_screen_section=&#8221;no&#8221; type=&#8221;grid&#8221; angled_section=&#8221;no&#8221; text_align=&#8221;left&#8221; background_image_as_pattern=&#8221;without_pattern&#8221; padding_top=&#8221;100&#8243; z_index=&#8221;&#8221; padding_bottom=&#8221;35&#8243; css=&#8221;.vc_custom_1568277814324{margin-bottom: 50px !important;}&#8221;][vc_column][vc_column_text] The CARLEE is committed to promoting the internationalization of schools. [\/vc_column_text][vc_empty_space height=&#8221;52px&#8221;][vc_column_text] Etwinning [\/vc_column_text][vc_separator type=&#8221;small&#8221; position=&#8221;left&#8221; color=&#8221;#96c4c6&#8243; thickness=&#8221;5&#8243; width=&#8221;50&#8243; up=&#8221;8&#8243;...\" \/>\n<meta property=\"og:url\" content=\"https:\/\/www.carleearagon.es\/en\/about\/european-projects\/\" \/>\n<meta property=\"og:site_name\" content=\"Carlee Arag\u00f3n\" \/>\n<meta property=\"article:modified_time\" content=\"2025-03-20T12:01:56+00:00\" \/>\n<meta name=\"twitter:card\" content=\"summary_large_image\" \/>\n<meta name=\"twitter:label1\" content=\"Est. reading time\" \/>\n\t<meta name=\"twitter:data1\" content=\"8 minutes\" \/>\n<script type=\"application\/ld+json\" class=\"yoast-schema-graph\">{\"@context\":\"https:\\\/\\\/schema.org\",\"@graph\":[{\"@type\":\"WebPage\",\"@id\":\"https:\\\/\\\/www.carleearagon.es\\\/en\\\/about\\\/european-projects\\\/\",\"url\":\"https:\\\/\\\/www.carleearagon.es\\\/en\\\/about\\\/european-projects\\\/\",\"name\":\"CARLEE European Projects - The Aragonese Centre for Foreign Languages for Education\",\"isPartOf\":{\"@id\":\"https:\\\/\\\/www.carleearagon.es\\\/en\\\/#website\"},\"datePublished\":\"2019-12-18T09:46:54+00:00\",\"dateModified\":\"2025-03-20T12:01:56+00:00\",\"breadcrumb\":{\"@id\":\"https:\\\/\\\/www.carleearagon.es\\\/en\\\/about\\\/european-projects\\\/#breadcrumb\"},\"inLanguage\":\"en-US\",\"potentialAction\":[{\"@type\":\"ReadAction\",\"target\":[\"https:\\\/\\\/www.carleearagon.es\\\/en\\\/about\\\/european-projects\\\/\"]}]},{\"@type\":\"BreadcrumbList\",\"@id\":\"https:\\\/\\\/www.carleearagon.es\\\/en\\\/about\\\/european-projects\\\/#breadcrumb\",\"itemListElement\":[{\"@type\":\"ListItem\",\"position\":1,\"name\":\"Portada\",\"item\":\"https:\\\/\\\/www.carleearagon.es\\\/en\\\/\"},{\"@type\":\"ListItem\",\"position\":2,\"name\":\"Learn about us\",\"item\":\"https:\\\/\\\/www.carleearagon.es\\\/en\\\/about\\\/\"},{\"@type\":\"ListItem\",\"position\":3,\"name\":\"European projects\"}]},{\"@type\":\"WebSite\",\"@id\":\"https:\\\/\\\/www.carleearagon.es\\\/en\\\/#website\",\"url\":\"https:\\\/\\\/www.carleearagon.es\\\/en\\\/\",\"name\":\"Carlee Arag\u00f3n\",\"description\":\"Centro Aragon\u00e9s de Lenguas Extranjeras para la Educaci\u00f3n\",\"potentialAction\":[{\"@type\":\"SearchAction\",\"target\":{\"@type\":\"EntryPoint\",\"urlTemplate\":\"https:\\\/\\\/www.carleearagon.es\\\/en\\\/?s={search_term_string}\"},\"query-input\":{\"@type\":\"PropertyValueSpecification\",\"valueRequired\":true,\"valueName\":\"search_term_string\"}}],\"inLanguage\":\"en-US\"}]}<\/script>\n<!-- \/ Yoast SEO plugin. -->","yoast_head_json":{"title":"CARLEE European Projects - The Aragonese Centre for Foreign Languages for Education","robots":{"index":"index","follow":"follow","max-snippet":"max-snippet:-1","max-image-preview":"max-image-preview:large","max-video-preview":"max-video-preview:-1"},"canonical":"https:\/\/www.carleearagon.es\/en\/about\/european-projects\/","og_locale":"en_US","og_type":"article","og_title":"CARLEE European Projects - The Aragonese Centre for Foreign Languages for Education","og_description":"[vc_row css_animation=&#8221;&#8221; row_type=&#8221;row&#8221; use_row_as_full_screen_section=&#8221;no&#8221; type=&#8221;grid&#8221; angled_section=&#8221;no&#8221; text_align=&#8221;left&#8221; background_image_as_pattern=&#8221;without_pattern&#8221; z_index=&#8221;&#8221; background_color=&#8221;#96c4c6&#8243; padding_top=&#8221;80&#8243; padding_bottom=&#8221;50&#8243; background_image=&#8221;188&#8243;][vc_column][vc_column_text] Our European projects [\/vc_column_text][\/vc_column][\/vc_row][vc_row css_animation=&#8221;&#8221; row_type=&#8221;row&#8221; use_row_as_full_screen_section=&#8221;no&#8221; type=&#8221;grid&#8221; angled_section=&#8221;no&#8221; text_align=&#8221;left&#8221; background_image_as_pattern=&#8221;without_pattern&#8221; padding_top=&#8221;100&#8243; z_index=&#8221;&#8221; padding_bottom=&#8221;35&#8243; css=&#8221;.vc_custom_1568277814324{margin-bottom: 50px !important;}&#8221;][vc_column][vc_column_text] The CARLEE is committed to promoting the internationalization of schools. [\/vc_column_text][vc_empty_space height=&#8221;52px&#8221;][vc_column_text] Etwinning [\/vc_column_text][vc_separator type=&#8221;small&#8221; position=&#8221;left&#8221; color=&#8221;#96c4c6&#8243; thickness=&#8221;5&#8243; width=&#8221;50&#8243; up=&#8221;8&#8243;...","og_url":"https:\/\/www.carleearagon.es\/en\/about\/european-projects\/","og_site_name":"Carlee Arag\u00f3n","article_modified_time":"2025-03-20T12:01:56+00:00","twitter_card":"summary_large_image","twitter_misc":{"Est. reading time":"8 minutes"},"schema":{"@context":"https:\/\/schema.org","@graph":[{"@type":"WebPage","@id":"https:\/\/www.carleearagon.es\/en\/about\/european-projects\/","url":"https:\/\/www.carleearagon.es\/en\/about\/european-projects\/","name":"CARLEE European Projects - The Aragonese Centre for Foreign Languages for Education","isPartOf":{"@id":"https:\/\/www.carleearagon.es\/en\/#website"},"datePublished":"2019-12-18T09:46:54+00:00","dateModified":"2025-03-20T12:01:56+00:00","breadcrumb":{"@id":"https:\/\/www.carleearagon.es\/en\/about\/european-projects\/#breadcrumb"},"inLanguage":"en-US","potentialAction":[{"@type":"ReadAction","target":["https:\/\/www.carleearagon.es\/en\/about\/european-projects\/"]}]},{"@type":"BreadcrumbList","@id":"https:\/\/www.carleearagon.es\/en\/about\/european-projects\/#breadcrumb","itemListElement":[{"@type":"ListItem","position":1,"name":"Portada","item":"https:\/\/www.carleearagon.es\/en\/"},{"@type":"ListItem","position":2,"name":"Learn about us","item":"https:\/\/www.carleearagon.es\/en\/about\/"},{"@type":"ListItem","position":3,"name":"European projects"}]},{"@type":"WebSite","@id":"https:\/\/www.carleearagon.es\/en\/#website","url":"https:\/\/www.carleearagon.es\/en\/","name":"Carlee Arag\u00f3n","description":"Centro Aragon\u00e9s de Lenguas Extranjeras para la Educaci\u00f3n","potentialAction":[{"@type":"SearchAction","target":{"@type":"EntryPoint","urlTemplate":"https:\/\/www.carleearagon.es\/en\/?s={search_term_string}"},"query-input":{"@type":"PropertyValueSpecification","valueRequired":true,"valueName":"search_term_string"}}],"inLanguage":"en-US"}]}},"_links":{"self":[{"href":"https:\/\/www.carleearagon.es\/en\/wp-json\/wp\/v2\/pages\/1117","targetHints":{"allow":["GET"]}}],"collection":[{"href":"https:\/\/www.carleearagon.es\/en\/wp-json\/wp\/v2\/pages"}],"about":[{"href":"https:\/\/www.carleearagon.es\/en\/wp-json\/wp\/v2\/types\/page"}],"author":[{"embeddable":true,"href":"https:\/\/www.carleearagon.es\/en\/wp-json\/wp\/v2\/users\/1"}],"replies":[{"embeddable":true,"href":"https:\/\/www.carleearagon.es\/en\/wp-json\/wp\/v2\/comments?post=1117"}],"version-history":[{"count":12,"href":"https:\/\/www.carleearagon.es\/en\/wp-json\/wp\/v2\/pages\/1117\/revisions"}],"predecessor-version":[{"id":6924,"href":"https:\/\/www.carleearagon.es\/en\/wp-json\/wp\/v2\/pages\/1117\/revisions\/6924"}],"up":[{"embeddable":true,"href":"https:\/\/www.carleearagon.es\/en\/wp-json\/wp\/v2\/pages\/1146"}],"wp:attachment":[{"href":"https:\/\/www.carleearagon.es\/en\/wp-json\/wp\/v2\/media?parent=1117"}],"curies":[{"name":"wp","href":"https:\/\/api.w.org\/{rel}","templated":true}]}}